{"id":124,"date":"2025-01-13T02:44:46","date_gmt":"2025-01-13T07:44:46","guid":{"rendered":"https:\/\/colefcolombia.co\/colefco\/?page_id=124"},"modified":"2026-02-12T13:46:15","modified_gmt":"2026-02-12T18:46:15","slug":"transparencia","status":"publish","type":"page","link":"https:\/\/colefcolombia.co\/colefco\/nosotros\/transparencia\/","title":{"rendered":"Transparencia"},"content":{"rendered":"<style>.kadence-column124_3e28d5-af > .kt-inside-inner-col,.kadence-column124_3e28d5-af > .kt-inside-inner-col:before{border-top-left-radius:0px;border-top-right-radius:0px;border-bottom-right-radius:0px;border-bottom-left-radius:0px;}.kadence-column124_3e28d5-af > .kt-inside-inner-col{column-gap:var(--global-kb-gap-sm, 1rem);}.kadence-column124_3e28d5-af > .kt-inside-inner-col{flex-direction:column;}.kadence-column124_3e28d5-af > .kt-inside-inner-col > .aligncenter{width:100%;}.kadence-column124_3e28d5-af > .kt-inside-inner-col:before{opacity:0.3;}.kadence-column124_3e28d5-af{position:relative;}@media all and (max-width: 1024px){.kadence-column124_3e28d5-af > .kt-inside-inner-col{flex-direction:column;justify-content:center;}}@media all and (max-width: 767px){.kadence-column124_3e28d5-af > .kt-inside-inner-col{flex-direction:column;justify-content:center;}}<\/style>\n<div class=\"wp-block-kadence-column kadence-column124_3e28d5-af\"><div class=\"kt-inside-inner-col\"><style>.kt-accordion-id124_d8a110-74 .kt-accordion-inner-wrap{column-gap:var(--global-kb-gap-md, 2rem);row-gap:10px;}.kt-accordion-id124_d8a110-74 .kt-accordion-panel-inner{border-top:0px solid transparent;border-right:1px solid transparent;border-bottom:1px solid transparent;border-left:1px solid transparent;background:#ffffff;padding-top:var(--global-kb-spacing-sm, 1.5rem);padding-right:var(--global-kb-spacing-sm, 1.5rem);padding-bottom:var(--global-kb-spacing-sm, 1.5rem);padding-left:var(--global-kb-spacing-sm, 1.5rem);}.kt-accordion-id124_d8a110-74 > .kt-accordion-inner-wrap > .wp-block-kadence-pane > .kt-accordion-header-wrap > .kt-blocks-accordion-header{border-top:1px solid #eeeeee;border-right:1px solid #eeeeee;border-bottom:1px solid #eeeeee;border-left:2px solid #eeeeee;border-top-left-radius:0px;border-top-right-radius:0px;border-bottom-right-radius:0px;border-bottom-left-radius:0px;background:#ffffff;color:#444444;padding-top:14px;padding-right:16px;padding-bottom:14px;padding-left:16px;}.kt-accordion-id124_d8a110-74:not( .kt-accodion-icon-style-basiccircle ):not( .kt-accodion-icon-style-xclosecircle ):not( .kt-accodion-icon-style-arrowcircle )  > .kt-accordion-inner-wrap > .wp-block-kadence-pane > .kt-accordion-header-wrap .kt-blocks-accordion-icon-trigger:after, .kt-accordion-id124_d8a110-74:not( .kt-accodion-icon-style-basiccircle ):not( .kt-accodion-icon-style-xclosecircle ):not( .kt-accodion-icon-style-arrowcircle )  > .kt-accordion-inner-wrap > .wp-block-kadence-pane > .kt-accordion-header-wrap .kt-blocks-accordion-icon-trigger:before{background:#444444;}.kt-accordion-id124_d8a110-74:not( .kt-accodion-icon-style-basic ):not( .kt-accodion-icon-style-xclose ):not( .kt-accodion-icon-style-arrow ) .kt-blocks-accordion-icon-trigger{background:#444444;}.kt-accordion-id124_d8a110-74:not( .kt-accodion-icon-style-basic ):not( .kt-accodion-icon-style-xclose ):not( .kt-accodion-icon-style-arrow ) .kt-blocks-accordion-icon-trigger:after, .kt-accordion-id124_d8a110-74:not( .kt-accodion-icon-style-basic ):not( .kt-accodion-icon-style-xclose ):not( .kt-accodion-icon-style-arrow ) .kt-blocks-accordion-icon-trigger:before{background:#ffffff;}.kt-accordion-id124_d8a110-74 > .kt-accordion-inner-wrap > .wp-block-kadence-pane > .kt-accordion-header-wrap > .kt-blocks-accordion-header:hover, \n\t\t\t\tbody:not(.hide-focus-outline) .kt-accordion-id124_d8a110-74 .kt-blocks-accordion-header:focus-visible{color:#444444;background:#ffffff;border-top-color:#d4d4d4;border-top-style:solid;border-right-color:#d4d4d4;border-right-style:solid;border-bottom-color:#d4d4d4;border-bottom-style:solid;border-left-color:#d4d4d4;border-left-style:solid;}.kt-accordion-id124_d8a110-74:not( .kt-accodion-icon-style-basiccircle ):not( .kt-accodion-icon-style-xclosecircle ):not( .kt-accodion-icon-style-arrowcircle ) .kt-accordion-header-wrap .kt-blocks-accordion-header:hover .kt-blocks-accordion-icon-trigger:after, .kt-accordion-id124_d8a110-74:not( .kt-accodion-icon-style-basiccircle ):not( .kt-accodion-icon-style-xclosecircle ):not( .kt-accodion-icon-style-arrowcircle ) .kt-accordion-header-wrap .kt-blocks-accordion-header:hover .kt-blocks-accordion-icon-trigger:before, body:not(.hide-focus-outline) .kt-accordion-id124_d8a110-74:not( .kt-accodion-icon-style-basiccircle ):not( .kt-accodion-icon-style-xclosecircle ):not( .kt-accodion-icon-style-arrowcircle ) .kt-blocks-accordion--visible .kt-blocks-accordion-icon-trigger:after, body:not(.hide-focus-outline) .kt-accordion-id124_d8a110-74:not( .kt-accodion-icon-style-basiccircle ):not( .kt-accodion-icon-style-xclosecircle ):not( .kt-accodion-icon-style-arrowcircle ) .kt-blocks-accordion-header:focus-visible .kt-blocks-accordion-icon-trigger:before{background:#444444;}.kt-accordion-id124_d8a110-74:not( .kt-accodion-icon-style-basic ):not( .kt-accodion-icon-style-xclose ):not( .kt-accodion-icon-style-arrow ) .kt-accordion-header-wrap .kt-blocks-accordion-header:hover .kt-blocks-accordion-icon-trigger, body:not(.hide-focus-outline) .kt-accordion-id124_d8a110-74:not( .kt-accodion-icon-style-basic ):not( .kt-accodion-icon-style-xclose ):not( .kt-accodion-icon-style-arrow ) .kt-accordion-header-wrap .kt-blocks-accordion-header:focus-visible .kt-blocks-accordion-icon-trigger{background:#444444;}.kt-accordion-id124_d8a110-74:not( .kt-accodion-icon-style-basic ):not( .kt-accodion-icon-style-xclose ):not( .kt-accodion-icon-style-arrow ) .kt-accordion-header-wrap .kt-blocks-accordion-header:hover .kt-blocks-accordion-icon-trigger:after, .kt-accordion-id124_d8a110-74:not( .kt-accodion-icon-style-basic ):not( .kt-accodion-icon-style-xclose ):not( .kt-accodion-icon-style-arrow ) .kt-accordion-header-wrap .kt-blocks-accordion-header:hover .kt-blocks-accordion-icon-trigger:before, body:not(.hide-focus-outline) .kt-accordion-id124_d8a110-74:not( .kt-accodion-icon-style-basic ):not( .kt-accodion-icon-style-xclose ):not( .kt-accodion-icon-style-arrow ) .kt-accordion-header-wrap .kt-blocks-accordion-header:focus-visible .kt-blocks-accordion-icon-trigger:after, body:not(.hide-focus-outline) .kt-accordion-id124_d8a110-74:not( .kt-accodion-icon-style-basic ):not( .kt-accodion-icon-style-xclose ):not( .kt-accodion-icon-style-arrow ) .kt-accordion-header-wrap .kt-blocks-accordion-header:focus-visible .kt-blocks-accordion-icon-trigger:before{background:#ffffff;}.kt-accordion-id124_d8a110-74 .kt-accordion-header-wrap .kt-blocks-accordion-header:focus-visible,\n\t\t\t\t.kt-accordion-id124_d8a110-74 > .kt-accordion-inner-wrap > .wp-block-kadence-pane > .kt-accordion-header-wrap > .kt-blocks-accordion-header.kt-accordion-panel-active{color:#444444;background:#ffffff;border-top-color:#eeeeee;border-top-style:solid;border-right-color:#eeeeee;border-right-style:solid;border-bottom-color:#eeeeee;border-bottom-style:solid;border-left-color:#0e9cd1;border-left-style:solid;}.kt-accordion-id124_d8a110-74:not( .kt-accodion-icon-style-basiccircle ):not( .kt-accodion-icon-style-xclosecircle ):not( .kt-accodion-icon-style-arrowcircle )  > .kt-accordion-inner-wrap > .wp-block-kadence-pane > .kt-accordion-header-wrap > .kt-blocks-accordion-header.kt-accordion-panel-active .kt-blocks-accordion-icon-trigger:after, .kt-accordion-id124_d8a110-74:not( .kt-accodion-icon-style-basiccircle ):not( .kt-accodion-icon-style-xclosecircle ):not( .kt-accodion-icon-style-arrowcircle )  > .kt-accordion-inner-wrap > .wp-block-kadence-pane > .kt-accordion-header-wrap > .kt-blocks-accordion-header.kt-accordion-panel-active .kt-blocks-accordion-icon-trigger:before{background:#444444;}.kt-accordion-id124_d8a110-74:not( .kt-accodion-icon-style-basic ):not( .kt-accodion-icon-style-xclose ):not( .kt-accodion-icon-style-arrow ) .kt-blocks-accordion-header.kt-accordion-panel-active .kt-blocks-accordion-icon-trigger{background:#444444;}.kt-accordion-id124_d8a110-74:not( .kt-accodion-icon-style-basic ):not( .kt-accodion-icon-style-xclose ):not( .kt-accodion-icon-style-arrow ) .kt-blocks-accordion-header.kt-accordion-panel-active .kt-blocks-accordion-icon-trigger:after, .kt-accordion-id124_d8a110-74:not( .kt-accodion-icon-style-basic ):not( .kt-accodion-icon-style-xclose ):not( .kt-accodion-icon-style-arrow ) .kt-blocks-accordion-header.kt-accordion-panel-active .kt-blocks-accordion-icon-trigger:before{background:#ffffff;}@media all and (max-width: 1024px){.kt-accordion-id124_d8a110-74 .kt-accordion-panel-inner{border-top:0px solid transparent;border-right:1px solid transparent;border-bottom:1px solid transparent;border-left:1px solid transparent;}}@media all and (max-width: 1024px){.kt-accordion-id124_d8a110-74 > .kt-accordion-inner-wrap > .wp-block-kadence-pane > .kt-accordion-header-wrap > .kt-blocks-accordion-header{border-top:1px solid #eeeeee;border-right:1px solid #eeeeee;border-bottom:1px solid #eeeeee;border-left:2px solid #eeeeee;}}@media all and (max-width: 1024px){.kt-accordion-id124_d8a110-74 > .kt-accordion-inner-wrap > .wp-block-kadence-pane > .kt-accordion-header-wrap > .kt-blocks-accordion-header:hover, \n\t\t\t\tbody:not(.hide-focus-outline) .kt-accordion-id124_d8a110-74 .kt-blocks-accordion-header:focus-visible{border-top-color:#d4d4d4;border-top-style:solid;border-right-color:#d4d4d4;border-right-style:solid;border-bottom-color:#d4d4d4;border-bottom-style:solid;border-left-color:#d4d4d4;border-left-style:solid;}}@media all and (max-width: 1024px){.kt-accordion-id124_d8a110-74 .kt-accordion-header-wrap .kt-blocks-accordion-header:focus-visible,\n\t\t\t\t.kt-accordion-id124_d8a110-74 > .kt-accordion-inner-wrap > .wp-block-kadence-pane > .kt-accordion-header-wrap > .kt-blocks-accordion-header.kt-accordion-panel-active{border-top-color:#eeeeee;border-top-style:solid;border-right-color:#eeeeee;border-right-style:solid;border-bottom-color:#eeeeee;border-bottom-style:solid;border-left-color:#0e9cd1;border-left-style:solid;}}@media all and (max-width: 767px){.kt-accordion-id124_d8a110-74 .kt-accordion-inner-wrap{display:block;}.kt-accordion-id124_d8a110-74 .kt-accordion-inner-wrap .kt-accordion-pane:not(:first-child){margin-top:10px;}.kt-accordion-id124_d8a110-74 .kt-accordion-panel-inner{border-top:0px solid transparent;border-right:1px solid transparent;border-bottom:1px solid transparent;border-left:1px solid transparent;}.kt-accordion-id124_d8a110-74 > .kt-accordion-inner-wrap > .wp-block-kadence-pane > .kt-accordion-header-wrap > .kt-blocks-accordion-header{border-top:1px solid #eeeeee;border-right:1px solid #eeeeee;border-bottom:1px solid #eeeeee;border-left:2px solid #eeeeee;}.kt-accordion-id124_d8a110-74 > .kt-accordion-inner-wrap > .wp-block-kadence-pane > .kt-accordion-header-wrap > .kt-blocks-accordion-header:hover, \n\t\t\t\tbody:not(.hide-focus-outline) .kt-accordion-id124_d8a110-74 .kt-blocks-accordion-header:focus-visible{border-top-color:#d4d4d4;border-top-style:solid;border-right-color:#d4d4d4;border-right-style:solid;border-bottom-color:#d4d4d4;border-bottom-style:solid;border-left-color:#d4d4d4;border-left-style:solid;}.kt-accordion-id124_d8a110-74 .kt-accordion-header-wrap .kt-blocks-accordion-header:focus-visible,\n\t\t\t\t.kt-accordion-id124_d8a110-74 > .kt-accordion-inner-wrap > .wp-block-kadence-pane > .kt-accordion-header-wrap > .kt-blocks-accordion-header.kt-accordion-panel-active{border-top-color:#eeeeee;border-top-style:solid;border-right-color:#eeeeee;border-right-style:solid;border-bottom-color:#eeeeee;border-bottom-style:solid;border-left-color:#0e9cd1;border-left-style:solid;}}<\/style>\n<div class=\"wp-block-kadence-accordion alignnone\"><div class=\"kt-accordion-wrap kt-accordion-id124_d8a110-74 kt-accordion-has-7-panes kt-active-pane-1 kt-accordion-block kt-pane-header-alignment-left kt-accodion-icon-style-arrow kt-accodion-icon-side-right\" style=\"max-width:none\"><div class=\"kt-accordion-inner-wrap\" data-allow-multiple-open=\"false\" data-start-open=\"1\">\n<div class=\"wp-block-kadence-pane kt-accordion-pane kt-accordion-pane-3 kt-pane124_da5eff-fd\"><div class=\"kt-accordion-header-wrap\"><button class=\"kt-blocks-accordion-header kt-acccordion-button-label-show\" type=\"button\"><span class=\"kt-blocks-accordion-title-wrap\"><span class=\"kt-blocks-accordion-title\"><strong>\u00bfA qui\u00e9n va dirigido el portal?<\/strong><\/span><\/span><span class=\"kt-blocks-accordion-icon-trigger\"><\/span><\/button><\/div><div class=\"kt-accordion-panel kt-accordion-panel-hidden\"><div class=\"kt-accordion-panel-inner\">\n<p>Este portal est\u00e1 dirigido a todas las personas que deseen obtener informaci\u00f3n sobre el Colegio Colombiano de Educadores F\u00edsicos y Profesiones Afines \u2013 COLEF, para reconocer sus alcances, servicios, colegiatura, entre otros, as\u00ed como realizar diversos tr\u00e1mites de forma virtual.<\/p>\n\n\n\n<p>\u00bfC\u00f3mo acceder a realizar tramites?<\/p>\n\n\n\n<p>No se precisa estar registrado para la gesti\u00f3n posterior de las mismas.<\/p>\n\n\n\n<p><strong>Registros:<\/strong><\/p>\n\n\n\n<p>Registro \u00danico Nacional RUN-EF, para los Colegiados.<\/p>\n<\/div><\/div><\/div>\n\n\n\n<div class=\"wp-block-kadence-pane kt-accordion-pane kt-accordion-pane-4 kt-pane124_a71228-44\"><div class=\"kt-accordion-header-wrap\"><button class=\"kt-blocks-accordion-header kt-acccordion-button-label-show\" type=\"button\"><span class=\"kt-blocks-accordion-title-wrap\"><span class=\"kt-blocks-accordion-title\">Organizaci\u00f3n colegial<\/span><\/span><span class=\"kt-blocks-accordion-icon-trigger\"><\/span><\/button><\/div><div class=\"kt-accordion-panel kt-accordion-panel-hidden\"><div class=\"kt-accordion-panel-inner\"><style>.wp-block-kadence-iconlist.kt-svg-icon-list-items124_6e9c4b-45:not(.this-stops-third-party-issues){margin-top:0px;margin-bottom:0px;}.wp-block-kadence-iconlist.kt-svg-icon-list-items124_6e9c4b-45 ul.kt-svg-icon-list:not(.this-prevents-issues):not(.this-stops-third-party-issues):not(.tijsloc){margin-top:0px;margin-right:0px;margin-bottom:var(--global-kb-spacing-sm, 1.5rem);margin-left:0px;}.wp-block-kadence-iconlist.kt-svg-icon-list-items124_6e9c4b-45 ul.kt-svg-icon-list{grid-row-gap:5px;}.wp-block-kadence-iconlist.kt-svg-icon-list-items124_6e9c4b-45 ul.kt-svg-icon-list .kt-svg-icon-list-item-wrap .kt-svg-icon-list-single{margin-right:10px;}.kt-svg-icon-list-items124_6e9c4b-45 ul.kt-svg-icon-list .kt-svg-icon-list-level-0 .kt-svg-icon-list-single svg{font-size:20px;}<\/style>\n<div class=\"wp-block-kadence-iconlist kt-svg-icon-list-items kt-svg-icon-list-items124_6e9c4b-45 kt-svg-icon-list-columns-1 alignnone\"><ul class=\"kt-svg-icon-list\"><style>.kt-svg-icon-list-item-124_445e95-9c .kt-svg-icon-list-text mark.kt-highlight{background-color:unset;font-style:normal;color:#f76a0c;-webkit-box-decoration-break:clone;box-decoration-break:clone;padding-top:0px;padding-right:0px;padding-bottom:0px;padding-left:0px;}<\/style>\n<li class=\"wp-block-kadence-listitem kt-svg-icon-list-item-wrap kt-svg-icon-list-item-124_445e95-9c\"><span class=\"kb-svg-icon-wrap kb-svg-icon-fe_checkCircle kt-svg-icon-list-single\"><svg viewBox=\"0 0 24 24\"  fill=\"none\" stroke=\"currentColor\" stroke-width=\"2\" stroke-linecap=\"round\" stroke-linejoin=\"round\" xmlns=\"http:\/\/www.w3.org\/2000\/svg\"  aria-hidden=\"true\"><path d=\"M22 11.08V12a10 10 0 1 1-5.93-9.14\"\/><polyline points=\"22 4 12 14.01 9 11.01\"\/><\/svg><\/span><span class=\"kt-svg-icon-list-text\"><strong>Organismos Rectores:<\/strong><br>El organismo rector de la profesi\u00f3n de los Educadores F\u00edsicos y Profesiones Afines, que le corresponde la ordenaci\u00f3n del ejercicio de la profesi\u00f3n en sus \u00e1mbitos respectivos, es el Ministerio de Educaci\u00f3n Nacional.<\/span><\/li>\n\n\n<style>.kt-svg-icon-list-item-124_68c95e-ae .kt-svg-icon-list-text mark.kt-highlight{background-color:unset;font-style:normal;color:#f76a0c;-webkit-box-decoration-break:clone;box-decoration-break:clone;padding-top:0px;padding-right:0px;padding-bottom:0px;padding-left:0px;}<\/style>\n<li class=\"wp-block-kadence-listitem kt-svg-icon-list-item-wrap kt-svg-icon-list-item-124_68c95e-ae\"><span class=\"kb-svg-icon-wrap kb-svg-icon-fe_checkCircle kt-svg-icon-list-single\"><svg viewBox=\"0 0 24 24\"  fill=\"none\" stroke=\"currentColor\" stroke-width=\"2\" stroke-linecap=\"round\" stroke-linejoin=\"round\" xmlns=\"http:\/\/www.w3.org\/2000\/svg\"  aria-hidden=\"true\"><path d=\"M22 11.08V12a10 10 0 1 1-5.93-9.14\"\/><polyline points=\"22 4 12 14.01 9 11.01\"\/><\/svg><\/span><span class=\"kt-svg-icon-list-text\"><strong>Personer\u00eda y Naturaleza Jur\u00eddica de las Entidades que la Componen:<\/strong><br>El&nbsp;COLEF es un \u00f3rgano de derecho privado, del orden nacional, con personer\u00eda jur\u00eddica propia y plena capacidad de obrar para el cumplimiento de sus fines.<\/span><\/li>\n\n\n<style>.kt-svg-icon-list-item-124_fee5d2-31 .kt-svg-icon-list-text mark.kt-highlight{background-color:unset;font-style:normal;color:#f76a0c;-webkit-box-decoration-break:clone;box-decoration-break:clone;padding-top:0px;padding-right:0px;padding-bottom:0px;padding-left:0px;}<\/style>\n<li class=\"wp-block-kadence-listitem kt-svg-icon-list-item-wrap kt-svg-icon-list-item-124_fee5d2-31\"><span class=\"kb-svg-icon-wrap kb-svg-icon-fe_checkCircle kt-svg-icon-list-single\"><svg viewBox=\"0 0 24 24\"  fill=\"none\" stroke=\"currentColor\" stroke-width=\"2\" stroke-linecap=\"round\" stroke-linejoin=\"round\" xmlns=\"http:\/\/www.w3.org\/2000\/svg\"  aria-hidden=\"true\"><path d=\"M22 11.08V12a10 10 0 1 1-5.93-9.14\"\/><polyline points=\"22 4 12 14.01 9 11.01\"\/><\/svg><\/span><span class=\"kt-svg-icon-list-text\"><strong>R\u00e9gimen Jur\u00eddico De Los Acuerdos Sometidos A Derecho Administrativo Y Su Impugnaci\u00f3n:<\/strong><br>Los actos emanados del COLEF, en cuanto est\u00e9n sujetos al Derecho Administrativo, agotan la v\u00eda administrativa y son recurribles ante la jurisdicci\u00f3n Contencioso-Administrativo.<\/span><\/li>\n<\/ul><\/div>\n\n\n\n<p class=\"coblocks-animate\" data-coblocks-animation=\"slideInRight\"><\/p>\n\n\n\n<p><strong>Qui\u00e9nes pueden colegiarse <\/strong><\/p>\n\n\n\n<p>Los licenciados en educaci\u00f3n f\u00edsica, deporte y recreaci\u00f3n, profesionales en cultura f\u00edsica, actividad f\u00edsica, ciencias del deporte, entrenamiento deportivo y recreaci\u00f3n, que posean t\u00edtulos acad\u00e9micos en los niveles de formaci\u00f3n de t\u00e9cnico profesional, tecn\u00f3logo y licenciado\/profesional, y se encuentren ejerciendo la profesi\u00f3n, podr\u00e1n realizar el registro RUN- EF, para solicitar la membres\u00eda del COLEF.<\/p>\n\n\n\n<p><\/p>\n\n\n\n<p><strong>Integrantes del COLEF<\/strong><\/p>\n\n\n\n<div class=\"wp-block-columns is-layout-flex wp-container-core-columns-is-layout-28f84493 wp-block-columns-is-layout-flex\">\n<div class=\"wp-block-column is-layout-flow wp-block-column-is-layout-flow\">\n<h4 class=\"wp-block-heading\">1. Colegiado:<\/h4>\n\n\n\n<p>Es el profesional que cumple con las disposiciones legales para estar inscrito en el COLEF<\/p>\n<\/div>\n\n\n\n<div class=\"wp-block-column is-layout-flow wp-block-column-is-layout-flow\">\n<h4 class=\"wp-block-heading\">2. Colegiado Colaborador:<\/h4>\n\n\n\n<p>Es el profesional de otro sector que individualmente o asociado quiere vincularse a los programas de orden cient\u00edfico, de servicios social o administrativo que sean de utilidad para el funcionamiento y desarrollo del COLEF. Sus funciones se regir\u00e1n por el reglamento especial que al respecto expida la Sala Nacional Colegial.<\/p>\n<\/div>\n\n\n\n<div class=\"wp-block-column is-layout-flow wp-block-column-is-layout-flow\">\n<h4 class=\"wp-block-heading\">3. Colegiado Correspondiente:<\/h4>\n\n\n\n<p>Podr\u00e1 otorgarse esta distinci\u00f3n a profesionales extranjeros sobresalientes, as\u00ed como a cient\u00edficos o profesionales de otras disciplinas que tengan formaci\u00f3n avanzada en \u00e1rea afines al sector, previa propuesta sustentada por el Consejo Directivo Nacional.<\/p>\n<\/div>\n<\/div>\n\n\n\n<p><\/p>\n\n\n\n<p><strong>Sobre el Registro \u00danico Nacional del Educador F\u00edsico<\/strong><\/p>\n\n\n\n<p>Este registro que se identificar\u00e1 con la sigla abreviada (RUN-EF), es obligatorio para vincularse al COLEF.<\/p>\n\n\n\n<p>La totalidad de los registros RUN-EF conformar\u00e1n el Censo Nacional de profesionales del sector el cual ser\u00e1 actualizado peri\u00f3dicamente. Asimismo, se organizar\u00e1n directorios agrupados por \u00e1reas principales de desempe\u00f1o de los colegiales: docencia, investigaci\u00f3n, servicios profesionales, \u00e1reas de mayor inter\u00e9s y experticia u otros criterios que fueren pertinentes<\/p>\n<\/div><\/div><\/div>\n\n\n\n<div class=\"wp-block-kadence-pane kt-accordion-pane kt-accordion-pane-5 kt-pane124_a1345d-ea\"><div class=\"kt-accordion-header-wrap\"><button class=\"kt-blocks-accordion-header kt-acccordion-button-label-show\" type=\"button\"><span class=\"kt-blocks-accordion-title-wrap\"><span class=\"kt-blocks-accordion-title\">La profesi\u00f3n<\/span><\/span><span class=\"kt-blocks-accordion-icon-trigger\"><\/span><\/button><\/div><div class=\"kt-accordion-panel kt-accordion-panel-hidden\"><div class=\"kt-accordion-panel-inner\">\n<h5 class=\"wp-block-heading\">Educador F\u00edsico y Profesiones Afines<\/h5>\n\n\n\n<p>Son Educadores F\u00edsicos y Profesiones Afines quienes, acrediten un t\u00edtulo disciplinar expedido por una instituci\u00f3n de educaci\u00f3n superior, reconocida por el Ministerio de Educaci\u00f3n Nacional, de acuerdo con lo establecido en la ley 30 de 1992.<br>En Colombia los t\u00edtulos universitarios que dan acceso a la profesi\u00f3n son: Licenciatura en Educaci\u00f3n F\u00edsica, Profesional en Cultura F\u00edsica, Deporte y Recreaci\u00f3n, Profesional en Ciencias del Deporte, Profesional en Actividad F\u00edsica y del Deporte, Profesional en Entrenamiento Deportivo y Profesional en Recreaci\u00f3n. De igual manera, se encuentran los t\u00edtulos conexos a las anteriores profesiones, en el nivel de t\u00e9cnico y tecn\u00f3logo.<br>El educador f\u00edsico y af\u00edn estar\u00e1 sujeto a las normas y disposiciones que en esta materia el Gobierno Nacional establezca, sobre la regulaci\u00f3n del ejercicio profesional. De igual manera, el COLEF, ha definido el c\u00f3digo de \u00e9tica y deontol\u00f3gico del educador f\u00edsica y profesiones afines, con el cual se establecen los principios de una pr\u00e1ctica honesta, como la base fundamental en el reconocimiento social de la profesi\u00f3n.<\/p>\n\n\n\n<h5 class=\"wp-block-heading\">\u00c1mbitos de Desempe\u00f1o del Educador F\u00edsico y Profesiones Afines<\/h5>\n\n\n\n<p>Los educadores f\u00edsicos y las profesiones afines, se ubican de acuerdo con la clasificaci\u00f3n CINE de la UNESCO, dentro de los programas gen\u00e9ricos, es decir que, estan situados, en la categoria de los \u201cprogramas y certificaciones b\u00e1sicos\u201d, los cuales se caracterizan por ser programas de tipo interdisciplinario o amplios, cuya certificaci\u00f3n se confiere, mediante la expedici\u00f3n de un titulo, al aprobar la totalidad de los creditos academicos.<br>Entre los \u00e1mbitos de desempe\u00f1o de estos profesionales, se encuentran:<\/p>\n\n\n\n<ul class=\"wp-block-list\">\n<li>Docente investigador en centros educativos, institutos o universidades.<\/li>\n\n\n\n<li>Coordinador de actividades f\u00edsico deportivas, recreativas y de turismo activo.<\/li>\n\n\n\n<li>Preparador f\u00edsico y entrenador deportivo en diferentes disciplinas deportivas y en ejercicio y acondicionamiento f\u00edsico.<\/li>\n\n\n\n<li>Director y gestor de organismos deportivos.<\/li>\n\n\n\n<li>Asesor y consultor en programas, proyectos y servicios disciplinares.<\/li>\n\n\n\n<li>Educador de la actividad f\u00edsica con poblaci\u00f3n apartemente saludable y con enfermedades cr\u00f3nicas no transmisibles.<\/li>\n\n\n\n<li>Gestor, dinamizados, facilitador, programador y dise\u00f1ador de programas de recreaci\u00f3n.<\/li>\n<\/ul>\n<\/div><\/div><\/div>\n\n\n\n<div class=\"wp-block-kadence-pane kt-accordion-pane kt-accordion-pane-6 kt-pane124_206b7b-0e\"><div class=\"kt-accordion-header-wrap\"><button class=\"kt-blocks-accordion-header kt-acccordion-button-label-show\" type=\"button\"><span class=\"kt-blocks-accordion-title-wrap\"><span class=\"kt-blocks-accordion-title\">\u00bfPor qu\u00e9 ser un miembro colegiado?<\/span><\/span><span class=\"kt-blocks-accordion-icon-trigger\"><\/span><\/button><\/div><div class=\"kt-accordion-panel kt-accordion-panel-hidden\"><div class=\"kt-accordion-panel-inner\">\n<p>Formar parte como miembro del Colegio Colombiano de Educadores F\u00edsicos y Profesiones Afines \u2013 COLEF, le permite recibir una serie de beneficios orientados al reconocimiento social y al mejoramiento del ejercicio profesional.<\/p>\n<\/div><\/div><\/div>\n\n\n\n<div class=\"wp-block-kadence-pane kt-accordion-pane kt-accordion-pane-7 kt-pane124_cfe200-e4\"><div class=\"kt-accordion-header-wrap\"><button class=\"kt-blocks-accordion-header kt-acccordion-button-label-show\" type=\"button\"><span class=\"kt-blocks-accordion-title-wrap\"><span class=\"kt-blocks-accordion-title\">C\u00f3digo de \u00e9tica y deontol\u00f3gico<\/span><\/span><span class=\"kt-blocks-accordion-icon-trigger\"><\/span><\/button><\/div><div class=\"kt-accordion-panel kt-accordion-panel-hidden\"><div class=\"kt-accordion-panel-inner\">\n<p>El c\u00f3digo de \u00e9tica y deontol\u00f3gico del educador f\u00edsica y profesiones afines, define los principios de una pr\u00e1ctica honesta, como la base fundamenta en el reconocimiento social de la profesi\u00f3n. Desde esta perspectiva, se convierte en una valiosa herramienta para orientar aspectos relacionados con los deberes y derechos, procesos disciplinarios y sancionatorios, tipos de falta, entre otros.<br>La profesi\u00f3n del educador f\u00edsico y las profesiones afines, por las implicaciones presentes especialmente en la realizaci\u00f3n de programas de intervenci\u00f3n a diversos grupos poblacionales, considerada esta actividad dentro de la categor\u00eda de las profesiones de riesgo social, al estimar que exige de una preparaci\u00f3n disciplinar especializada, para salvaguardar la salud y la vida de los usuarios.<br>De otra parte, la responsabilidad que tiene el educador f\u00edsico con la poblaci\u00f3n de edad escolar exige de un adecuado manejo y comprensi\u00f3n de aspectos relacionados con: los protocolos de evaluaci\u00f3n e intervenci\u00f3n, las relaciones interpersonales, el respecto y la dignidad humana, principios y valores \u00e9ticos, entre otros.<\/p>\n\n\n\n<p><\/p>\n\n\n\n<p><strong>Aviso de irregularidad<\/strong><\/p>\n\n\n\n<p>En correspondencia con lo establecido en el art\u00edculo 296 del c\u00f3digo penal colombiano, contempla dentro de los delitos contra el orden econ\u00f3mico social, \u201cel que con el fin de obtener un provecho para s\u00ed o para otro, o causar da\u00f1o, sustituya o suplante a una persona o se atribuya nombre, edad, estado civil, o calidad que pueda tener efectos jur\u00eddicos, incurrir\u00e1 en multa, siempre que la conducta no constituya otro delito\u201d.<br>De otra parte, en la ley 30 de 1992 se establece que las instituciones de educaci\u00f3n superior legalmente reconocida, con formaci\u00f3n en educaci\u00f3n superior son las responsables de la expedici\u00f3n de los t\u00edtulos en los niveles de t\u00e9cnico profesional, tecn\u00f3logo, profesional, especializaci\u00f3n, magister y doctorado.<\/p>\n<\/div><\/div><\/div>\n<\/div><\/div><\/div>\n<\/div><\/div>\n\n\n\n<p><\/p>\n","protected":false},"excerpt":{"rendered":"","protected":false},"author":1,"featured_media":0,"parent":75,"menu_order":0,"comment_status":"closed","ping_status":"closed","template":"","meta":{"_coblocks_attr":"","_coblocks_dimensions":"","_coblocks_responsive_height":"","_coblocks_accordion_ie_support":"","_kadence_starter_templates_imported_post":false,"footnotes":""},"class_list":["post-124","page","type-page","status-publish","hentry"],"_links":{"self":[{"href":"https:\/\/colefcolombia.co\/colefco\/wp-json\/wp\/v2\/pages\/124","targetHints":{"allow":["GET"]}}],"collection":[{"href":"https:\/\/colefcolombia.co\/colefco\/wp-json\/wp\/v2\/pages"}],"about":[{"href":"https:\/\/colefcolombia.co\/colefco\/wp-json\/wp\/v2\/types\/page"}],"author":[{"embeddable":true,"href":"https:\/\/colefcolombia.co\/colefco\/wp-json\/wp\/v2\/users\/1"}],"replies":[{"embeddable":true,"href":"https:\/\/colefcolombia.co\/colefco\/wp-json\/wp\/v2\/comments?post=124"}],"version-history":[{"count":10,"href":"https:\/\/colefcolombia.co\/colefco\/wp-json\/wp\/v2\/pages\/124\/revisions"}],"predecessor-version":[{"id":874,"href":"https:\/\/colefcolombia.co\/colefco\/wp-json\/wp\/v2\/pages\/124\/revisions\/874"}],"up":[{"embeddable":true,"href":"https:\/\/colefcolombia.co\/colefco\/wp-json\/wp\/v2\/pages\/75"}],"wp:attachment":[{"href":"https:\/\/colefcolombia.co\/colefco\/wp-json\/wp\/v2\/media?parent=124"}],"curies":[{"name":"wp","href":"https:\/\/api.w.org\/{rel}","templated":true}]}}